{"id":53,"date":"2019-04-03T11:32:31","date_gmt":"2019-04-03T09:32:31","guid":{"rendered":"http:\/\/agroshow.getid.com.pl\/?page_id=53"},"modified":"2026-08-18T11:33:34","modified_gmt":"2026-08-18T09:33:34","slug":"dla-mediow","status":"publish","type":"page","link":"https:\/\/www.agroshow.pl\/agroshow\/dla-mediow","title":{"rendered":"Dla medi\u00f3w"},"content":{"rendered":"\n<p class=\"wp-block-paragraph\">Zach\u0119camy do udzia\u0142u w tegorocznej 27 edycji wystawy AGRO SHOW. Poni\u017cej znajd\u0105 Pa\u0144stwo formularz akredytacyjny na wystaw\u0119. Akredytacja przez stron\u0119 internetow\u0105 mo\u017cliwa b\u0119dzie do 11 wrze\u015bnia do godz. 12:00. Po tym terminie mo\u017cliwa b\u0119dzie akredytacja na terenie wystawy w Biurze Prasowym w AGRO Arenie.<br><br>Na podany w formularzu adres e-mail zostanie wys\u0142ane potwierdzenie akredytacji wraz z biletem wst\u0119pu na wystaw\u0119. Po wej\u015bciu na teren wystawy prosimy o udanie si\u0119 do Biura Prasowego, gdzie otrzymacie Pa\u0144stwo identyfikator umo\u017cliwiaj\u0105cy darmowe wej\u015bcie na wystaw\u0119 w kolejnych dniach.<br><br><\/p>\n\n\n\n<div class=\"wpcf7 no-js\" id=\"wpcf7-f17089-o1\" lang=\"pl-PL\" dir=\"ltr\" data-wpcf7-id=\"17089\">\n<div class=\"screen-reader-response\"><p role=\"status\" aria-live=\"polite\" aria-atomic=\"true\"><\/p> <ul><\/ul><\/div>\n<form action=\"\/agroshow\/wp-json\/wp\/v2\/pages\/53#wpcf7-f17089-o1\" method=\"post\" class=\"wpcf7-form init\" aria-label=\"Formularz kontaktowy\" novalidate=\"novalidate\" data-status=\"init\">\n<fieldset class=\"hidden-fields-container\"><input type=\"hidden\" name=\"_wpcf7\" value=\"17089\" \/><input type=\"hidden\" name=\"_wpcf7_version\" value=\"6.1.3\" \/><input type=\"hidden\" name=\"_wpcf7_locale\" value=\"pl_PL\" \/><input type=\"hidden\" name=\"_wpcf7_unit_tag\" value=\"wpcf7-f17089-o1\" \/><input type=\"hidden\" name=\"_wpcf7_container_post\" value=\"0\" \/><input type=\"hidden\" name=\"_wpcf7_posted_data_hash\" value=\"\" \/><input type=\"hidden\" name=\"_wpcf7_recaptcha_response\" value=\"\" \/>\n<\/fieldset>\n<p><label> Imi\u0119 i nazwisko (wymagane)\n<span class=\"wpcf7-form-control-wrap\" data-name=\"your-name\"><input size=\"40\" maxlength=\"400\" class=\"wpcf7-form-control wpcf7-text wpcf7-validates-as-required\" aria-required=\"true\" aria-invalid=\"false\" value=\"\" type=\"text\" name=\"your-name\" \/><\/span> <\/label>\n<\/p>\n<p><label> Wydawnictwo (wymagane)\n<span class=\"wpcf7-form-control-wrap\" data-name=\"your-wydawnictwo\"><input size=\"40\" maxlength=\"400\" class=\"wpcf7-form-control wpcf7-text wpcf7-validates-as-required\" aria-required=\"true\" aria-invalid=\"false\" value=\"\" type=\"text\" name=\"your-wydawnictwo\" \/><\/span> <\/label>\n<\/p>\n<p><label> Adres redakcji (wymagane)\n<span class=\"wpcf7-form-control-wrap\" data-name=\"your-adresredakcji\"><input size=\"40\" maxlength=\"400\" class=\"wpcf7-form-control wpcf7-text wpcf7-validates-as-required\" aria-required=\"true\" aria-invalid=\"false\" value=\"\" type=\"text\" name=\"your-adresredakcji\" \/><\/span> <\/label>\n<\/p>\n<p><label> Adres email (wymagane)\n<span class=\"wpcf7-form-control-wrap\" data-name=\"your-email\"><input size=\"40\" maxlength=\"400\" class=\"wpcf7-form-control wpcf7-email wpcf7-validates-as-required wpcf7-text wpcf7-validates-as-email\" aria-required=\"true\" aria-invalid=\"false\" value=\"\" type=\"email\" name=\"your-email\" \/><\/span> <\/label>\n<\/p>\n<p><label> Telefon (wymagane)\n<span class=\"wpcf7-form-control-wrap\" data-name=\"your-tel\"><input size=\"40\" maxlength=\"400\" class=\"wpcf7-form-control wpcf7-text wpcf7-validates-as-required\" aria-required=\"true\" aria-invalid=\"false\" value=\"\" type=\"text\" name=\"your-tel\" \/><\/span> <\/label>\n<\/p>\n<p><label> Planowana data przyjazdu na wystaw\u0119\n<span class=\"wpcf7-form-control-wrap\" data-name=\"data-przyjazdu\"><select class=\"wpcf7-form-control wpcf7-select wpcf7-validates-as-required\" aria-required=\"true\" aria-invalid=\"false\" name=\"data-przyjazdu\"><option value=\"18.09.2026 (pi\u0105tek)\">18.09.2026 (pi\u0105tek)<\/option><option value=\"19.09.2026 (sobota)\">19.09.2026 (sobota)<\/option><option value=\"20.09.2026 (niedziela)\">20.09.2026 (niedziela)<\/option><\/select><\/span><\/label>\n<\/p>\n<p><span class=\"wpcf7-form-control-wrap\" data-name=\"acceptance-642\"><span class=\"wpcf7-form-control wpcf7-acceptance\"><span class=\"wpcf7-list-item\"><label><input type=\"checkbox\" name=\"acceptance-642\" value=\"1\" aria-invalid=\"false\" \/><span class=\"wpcf7-list-item-label\">O\u015bwiadczam, \u017ce zapozna\u0142em si\u0119 z <a href=\"https:\/\/www.agroshow.pl\/wp-content\/uploads\/sites\/2\/2019\/07\/O\u015bwiadczenie-zgoda-na-przetwarzanie-danych.pdf\" target=\"blank\">informacjami ws Ochrony Danych Osobowych<\/a>.<\/span><\/label><\/span><\/span><\/span>\n<\/p>\n<p><input class=\"wpcf7-form-control wpcf7-submit has-spinner\" type=\"submit\" value=\"Wy\u015blij\" \/>\n<\/p><div class=\"wpcf7-response-output\" aria-hidden=\"true\"><\/div>\n<\/form>\n<\/div>\n\n\n\n\n<p class=\"wp-block-paragraph\">Do zobaczenia ju\u017c wkr\u00f3tce na wystawie AGRO SHOW.<\/p>\n\n\n\n<h2 class=\"wp-block-heading\"><\/h2>\n\n\n\n<p class=\"wp-block-paragraph\"><\/p>\n\n\n\n<p class=\"wp-block-paragraph\">&#8212;&#8212;&#8212;&#8212;&#8212;&#8212;&#8212;&#8212;&#8212;&#8212;&#8212;&#8212;&#8212;&#8212;&#8212;&#8212;&#8212;&#8212;&#8212;&#8212;&#8212;&#8212;&#8212;&#8212;&#8212;&#8212;&#8212;&#8212;&#8212;&#8212;&#8212;&#8212;&#8212;&#8212;&#8212;&#8212;&#8212;&#8212;&#8211;<\/p>\n\n\n\n<h3 class=\"wp-block-heading\">Materia\u0142y graficzne do pobrania <\/h3>\n\n\n\n<a target=\"_blank\" href=\"https:\/\/www.agroshow.pl\/wp-content\/uploads\/sites\/2\/2019\/04\/Logo_AGRO_SHOW_ogolne.jpg\" class=\"file\" rel=\"noopener noreferrer\"><span>Logo AGRO SHOW og\u00f3lne [JPG]<\/span><\/a>\n\n\n\n<h3 class=\"wp-block-heading\">Informacje prasowe<\/h3>\n\n\n\n<p class=\"wp-block-paragraph\"><a target=\"_blank\" href=\"https:\/\/www.agroshow.pl\/agroshow\/wp-content\/uploads\/sites\/2\/2025\/09\/informacja-prasowa-AGRO-SHOW-2025.pdf\" class=\"file\"><span>Posumowanie wystawy AGRO SHOW 2025<\/span><\/a><a target=\"_blank\" href=\"https:\/\/www.agroshow.pl\/agroshow\/wp-content\/uploads\/sites\/2\/2026\/08\/AGRO-SHOW-2026-ENG.pdf\" class=\"file\"><span>AGRO SHOW 2026-english version<\/span><\/a><a target=\"_blank\" href=\"https:\/\/www.agroshow.pl\/agroshow\/wp-content\/uploads\/sites\/2\/2026\/08\/Notatka-Prasowa-AGRO-SHOW-2026.pdf\" class=\"file\"><span>AGRO SHOW 2026-informacja prasowa <\/span><\/a><a target=\"_blank\" href=\"https:\/\/www.agroshow.pl\/agroshow\/wp-content\/uploads\/sites\/2\/2026\/06\/DJI_20250920131113_0086_D-1.jpg\" class=\"file\"><span>AGRO SHOW-pokazy maszyn <\/span><\/a><a target=\"_blank\" href=\"https:\/\/www.agroshow.pl\/agroshow\/wp-content\/uploads\/sites\/2\/2026\/06\/DJI_20250921123016_0126_D-1.jpg\" class=\"file\"><span>AGRO SHOW <\/span><\/a><a target=\"_blank\" href=\"https:\/\/www.agroshow.pl\/agroshow\/wp-content\/uploads\/sites\/2\/2025\/08\/DSC_4404.jpg\" class=\"file\"><span>Zdj\u0119cie kangurk\u00f3w AGRO SHOW<\/span><\/a><a target=\"_blank\" href=\"https:\/\/www.agroshow.pl\/agroshow\/wp-content\/uploads\/sites\/2\/2025\/09\/DJI_0489-scaled.jpg\" class=\"file\"><span>Zdj\u0119cie AGOR SHOW z lotu ptaka <\/span><\/a><a target=\"_blank\" href=\"https:\/\/www.agroshow.pl\/agroshow\/wp-content\/uploads\/sites\/2\/2025\/09\/DSC_5098.jpg\" class=\"file\"><span>Zwiedzaj\u0105cy AGRO SHOW<\/span><\/a><a target=\"_blank\" href=\"https:\/\/www.agroshow.pl\/agroshow\/wp-content\/uploads\/sites\/2\/2026\/06\/DJI_20250921123109_0127_D-1.jpg\" class=\"file\"><span><\/span><\/a><a target=\"_blank\" href=\"https:\/\/www.agroshow.pl\/agroshow\/wp-content\/uploads\/sites\/2\/2026\/06\/DJI_20250921131027_0160_D.jpg\" class=\"file\"><span><\/span><\/a><a target=\"_blank\" href=\"https:\/\/www.agroshow.pl\/agroshow\/wp-content\/uploads\/sites\/2\/2026\/06\/DSC_5516-1.jpg\" class=\"file\"><span><\/span><\/a><a target=\"_blank\" href=\"https:\/\/www.agroshow.pl\/agroshow\/wp-content\/uploads\/sites\/2\/2026\/06\/DJI_20250921130112_0155_D.jpg\" class=\"file\"><span><\/span><\/a><a target=\"_blank\" href=\"https:\/\/www.agroshow.pl\/agroshow\/wp-content\/uploads\/sites\/2\/2026\/06\/DSC_5653.jpg\" class=\"file\"><span><\/span><\/a><a target=\"_blank\" href=\"https:\/\/www.agroshow.pl\/agroshow\/wp-content\/uploads\/sites\/2\/2026\/06\/DJI_20250921123016_0126_D-1.jpg\" class=\"file\"><span><\/span><\/a><\/p>\n\n\n\n<h2 class=\"wp-block-heading\">Nowo\u015bci na AGRO SHOW 2025<\/h2>\n\n\n\n<p class=\"wp-block-paragraph\">Zapraszamy do zapoznania si\u0119 z gam\u0105 nowo\u015bci, kt\u00f3re b\u0119d\u0105 prezentowane przez wystawc\u00f3w podczas AGRO SHOW 2025. Pliki mo\u017cna pobra\u0107 <a href=\"https:\/\/www.agroshow.pl\/agroshow\/dla-zwiedzajacych\/nowosci-agro-show-2025\">TUTAJ. <\/a><\/p>\n\n\n","protected":false},"excerpt":{"rendered":"<p>Zach\u0119camy do udzia\u0142u w tegorocznej 27 edycji wystawy AGRO SHOW. Poni\u017cej znajd\u0105 Pa\u0144stwo formularz akredytacyjny na wystaw\u0119. Akredytacja przez stron\u0119 internetow\u0105 mo\u017cliwa b\u0119dzie do 11 wrze\u015bnia do godz. 12:00. Po tym terminie mo\u017cliwa b\u0119dzie akredytacja na terenie wystawy w Biurze Prasowym w AGRO Arenie. Na podany w formularzu adres e-mail zostanie wys\u0142ane potwierdzenie akredytacji wraz [&hellip;]<\/p>\n","protected":false},"author":4,"featured_media":0,"parent":0,"menu_order":0,"comment_status":"closed","ping_status":"closed","template":"","meta":{"inline_featured_image":false,"footnotes":""},"class_list":["post-53","page","type-page","status-publish","hentry"],"acf":[],"yoast_head":"<!-- This site is optimized with the Yoast SEO plugin v26.2 - https:\/\/yoast.com\/wordpress\/plugins\/seo\/ -->\n<title>AGRO SHOW - Informacje dla medi\u00f3w - Listaw wystawc\u00f3w<\/title>\n<meta name=\"description\" content=\"Aktualne informacje dla medi\u00f3w, lista wystawc\u00f3w, plan wystawy AGRO SHOW\" \/>\n<meta name=\"robots\" content=\"index, follow, max-snippet:-1, max-image-preview:large, max-video-preview:-1\" \/>\n<link rel=\"canonical\" href=\"https:\/\/www.agroshow.pl\/agroshow\/dla-mediow\" \/>\n<meta property=\"og:locale\" content=\"pl_PL\" \/>\n<meta property=\"og:type\" content=\"article\" \/>\n<meta property=\"og:title\" content=\"AGRO SHOW - Informacje dla medi\u00f3w - Listaw wystawc\u00f3w\" \/>\n<meta property=\"og:description\" content=\"Aktualne informacje dla medi\u00f3w, lista wystawc\u00f3w, plan wystawy AGRO SHOW\" \/>\n<meta property=\"og:url\" content=\"https:\/\/www.agroshow.pl\/agroshow\/dla-mediow\" \/>\n<meta property=\"og:site_name\" content=\"AGRO SHOW\" \/>\n<meta property=\"article:modified_time\" content=\"2026-08-18T09:33:34+00:00\" \/>\n<meta name=\"twitter:card\" content=\"summary_large_image\" \/>\n<meta name=\"twitter:label1\" content=\"Szacowany czas czytania\" \/>\n\t<meta name=\"twitter:data1\" content=\"1 minuta\" \/>\n<script type=\"application\/ld+json\" class=\"yoast-schema-graph\">{\"@context\":\"https:\/\/schema.org\",\"@graph\":[{\"@type\":\"WebPage\",\"@id\":\"https:\/\/www.agroshow.pl\/agroshow\/dla-mediow\",\"url\":\"https:\/\/www.agroshow.pl\/agroshow\/dla-mediow\",\"name\":\"AGRO SHOW - Informacje dla medi\u00f3w - Listaw wystawc\u00f3w\",\"isPartOf\":{\"@id\":\"https:\/\/www.agroshow.pl\/agroshow\/#website\"},\"datePublished\":\"2019-04-03T09:32:31+00:00\",\"dateModified\":\"2026-08-18T09:33:34+00:00\",\"description\":\"Aktualne informacje dla medi\u00f3w, lista wystawc\u00f3w, plan wystawy AGRO SHOW\",\"breadcrumb\":{\"@id\":\"https:\/\/www.agroshow.pl\/agroshow\/dla-mediow#breadcrumb\"},\"inLanguage\":\"pl-PL\",\"potentialAction\":[{\"@type\":\"ReadAction\",\"target\":[\"https:\/\/www.agroshow.pl\/agroshow\/dla-mediow\"]}]},{\"@type\":\"BreadcrumbList\",\"@id\":\"https:\/\/www.agroshow.pl\/agroshow\/dla-mediow#breadcrumb\",\"itemListElement\":[{\"@type\":\"ListItem\",\"position\":1,\"name\":\"Strona g\u0142\u00f3wna\",\"item\":\"https:\/\/www.agroshow.pl\/agroshow\"},{\"@type\":\"ListItem\",\"position\":2,\"name\":\"Dla medi\u00f3w\"}]},{\"@type\":\"WebSite\",\"@id\":\"https:\/\/www.agroshow.pl\/agroshow\/#website\",\"url\":\"https:\/\/www.agroshow.pl\/agroshow\/\",\"name\":\"AGRO SHOW\",\"description\":\"Mi\u0119dzynarodowa Wystawa Rolnicza AGRO SHOW organizowana jest przez Polsk\u0105 Izb\u0119 Gospodarcz\u0105 Maszyn i Urz\u0105dze\u0144 Rolniczych od 1999 roku. AGRO SHOW od lat postrzegane jest jako doskona\u0142e miejsce prezentacji najnowszych i najnowocze\u015bniejszych maszyn i urz\u0105dze\u0144 rolniczych.\",\"potentialAction\":[{\"@type\":\"SearchAction\",\"target\":{\"@type\":\"EntryPoint\",\"urlTemplate\":\"https:\/\/www.agroshow.pl\/agroshow\/?s={search_term_string}\"},\"query-input\":{\"@type\":\"PropertyValueSpecification\",\"valueRequired\":true,\"valueName\":\"search_term_string\"}}],\"inLanguage\":\"pl-PL\"}]}<\/script>\n<!-- \/ Yoast SEO plugin. -->","yoast_head_json":{"title":"AGRO SHOW - Informacje dla medi\u00f3w - Listaw wystawc\u00f3w","description":"Aktualne informacje dla medi\u00f3w, lista wystawc\u00f3w, plan wystawy AGRO SHOW","robots":{"index":"index","follow":"follow","max-snippet":"max-snippet:-1","max-image-preview":"max-image-preview:large","max-video-preview":"max-video-preview:-1"},"canonical":"https:\/\/www.agroshow.pl\/agroshow\/dla-mediow","og_locale":"pl_PL","og_type":"article","og_title":"AGRO SHOW - Informacje dla medi\u00f3w - Listaw wystawc\u00f3w","og_description":"Aktualne informacje dla medi\u00f3w, lista wystawc\u00f3w, plan wystawy AGRO SHOW","og_url":"https:\/\/www.agroshow.pl\/agroshow\/dla-mediow","og_site_name":"AGRO SHOW","article_modified_time":"2026-08-18T09:33:34+00:00","twitter_card":"summary_large_image","twitter_misc":{"Szacowany czas czytania":"1 minuta"},"schema":{"@context":"https:\/\/schema.org","@graph":[{"@type":"WebPage","@id":"https:\/\/www.agroshow.pl\/agroshow\/dla-mediow","url":"https:\/\/www.agroshow.pl\/agroshow\/dla-mediow","name":"AGRO SHOW - Informacje dla medi\u00f3w - Listaw wystawc\u00f3w","isPartOf":{"@id":"https:\/\/www.agroshow.pl\/agroshow\/#website"},"datePublished":"2019-04-03T09:32:31+00:00","dateModified":"2026-08-18T09:33:34+00:00","description":"Aktualne informacje dla medi\u00f3w, lista wystawc\u00f3w, plan wystawy AGRO SHOW","breadcrumb":{"@id":"https:\/\/www.agroshow.pl\/agroshow\/dla-mediow#breadcrumb"},"inLanguage":"pl-PL","potentialAction":[{"@type":"ReadAction","target":["https:\/\/www.agroshow.pl\/agroshow\/dla-mediow"]}]},{"@type":"BreadcrumbList","@id":"https:\/\/www.agroshow.pl\/agroshow\/dla-mediow#breadcrumb","itemListElement":[{"@type":"ListItem","position":1,"name":"Strona g\u0142\u00f3wna","item":"https:\/\/www.agroshow.pl\/agroshow"},{"@type":"ListItem","position":2,"name":"Dla medi\u00f3w"}]},{"@type":"WebSite","@id":"https:\/\/www.agroshow.pl\/agroshow\/#website","url":"https:\/\/www.agroshow.pl\/agroshow\/","name":"AGRO SHOW","description":"Mi\u0119dzynarodowa Wystawa Rolnicza AGRO SHOW organizowana jest przez Polsk\u0105 Izb\u0119 Gospodarcz\u0105 Maszyn i Urz\u0105dze\u0144 Rolniczych od 1999 roku. AGRO SHOW od lat postrzegane jest jako doskona\u0142e miejsce prezentacji najnowszych i najnowocze\u015bniejszych maszyn i urz\u0105dze\u0144 rolniczych.","potentialAction":[{"@type":"SearchAction","target":{"@type":"EntryPoint","urlTemplate":"https:\/\/www.agroshow.pl\/agroshow\/?s={search_term_string}"},"query-input":{"@type":"PropertyValueSpecification","valueRequired":true,"valueName":"search_term_string"}}],"inLanguage":"pl-PL"}]}},"_links":{"self":[{"href":"https:\/\/www.agroshow.pl\/agroshow\/wp-json\/wp\/v2\/pages\/53","targetHints":{"allow":["GET"]}}],"collection":[{"href":"https:\/\/www.agroshow.pl\/agroshow\/wp-json\/wp\/v2\/pages"}],"about":[{"href":"https:\/\/www.agroshow.pl\/agroshow\/wp-json\/wp\/v2\/types\/page"}],"author":[{"embeddable":true,"href":"https:\/\/www.agroshow.pl\/agroshow\/wp-json\/wp\/v2\/users\/4"}],"replies":[{"embeddable":true,"href":"https:\/\/www.agroshow.pl\/agroshow\/wp-json\/wp\/v2\/comments?post=53"}],"version-history":[{"count":251,"href":"https:\/\/www.agroshow.pl\/agroshow\/wp-json\/wp\/v2\/pages\/53\/revisions"}],"predecessor-version":[{"id":17106,"href":"https:\/\/www.agroshow.pl\/agroshow\/wp-json\/wp\/v2\/pages\/53\/revisions\/17106"}],"wp:attachment":[{"href":"https:\/\/www.agroshow.pl\/agroshow\/wp-json\/wp\/v2\/media?parent=53"}],"curies":[{"name":"wp","href":"https:\/\/api.w.org\/{rel}","templated":true}]}}